{"id":1069,"date":"2023-03-02T11:18:24","date_gmt":"2023-03-02T10:18:24","guid":{"rendered":"https:\/\/www.new-ways-of-thinking.com\/product\/healing-concussion\/"},"modified":"2023-03-08T11:12:42","modified_gmt":"2023-03-08T10:12:42","slug":"heilahristingur","status":"publish","type":"product","link":"https:\/\/www.new-ways-of-thinking.com\/is\/vara\/heilahristingur\/","title":{"rendered":"R\u00e1\u00f0 vi\u00f0 heilahristingi"},"content":{"rendered":"","protected":false},"excerpt":{"rendered":"<p>Alma veitir uppl\u00fdsingar til \u00feeirra sem eru me\u00f0 vi\u00f0varandi einkenni eftir heilahristing svo \u00feeir geti teki\u00f0 \u00e1byrg\u00f0 \u00e1 bata s\u00ednum og l\u00edfi s\u00ednu!<\/p>\n<p>\u00de\u00f3 a\u00f0 s\u00e9rhver heilahristingur s\u00e9 einstakur, \u00fe\u00e1 er til allsherjarlausn!<\/p>\n<p>\u00c9g get hj\u00e1lpa\u00f0 \u00fe\u00e9r a\u00f0 ver\u00f0a betri.<\/p>\n<h4><strong>\u00deetta<span style=\"font-weight: 400;\"> n\u00e1mskei\u00f0 er fyrir \u00feig ef \u00fe\u00fa&#8230;<\/span><\/strong><\/h4>\n<ul>\n<li>\u00fe\u00fa f\u00e9kkst heilahristing fyrir a\u00f0 minnsta kosti fj\u00f3rum vikum s\u00ed\u00f0an, en \u00fe\u00fa \u00e1tt enn vi\u00f0 vandam\u00e1l a\u00f0 str\u00ed\u00f0a.<\/li>\n<li>\u00fer\u00e1tt fyrir mikla vi\u00f0leitni hefur ekkert sem \u00fe\u00fa hefur reynt hinga\u00f0 til or\u00f0i\u00f0 til \u00feess a\u00f0 \u00fe\u00fa losnar vi\u00f0 einkenni heilahristings.<\/li>\n<li>\u00fej\u00e1ist af h\u00f6fu\u00f0verk, \u00feokus\u00fdn, lj\u00f3sn\u00e6mi og\/e\u00f0a jafnv\u00e6gisvandam\u00e1lum.<\/li>\n<li>ert foreldri unglings sem hefur fengi\u00f0 heilahristing.<\/li>\n<li>mTBI sj\u00faklingar<\/li>\n<li>PCS sj\u00faklingar<\/li>\n<li>upplifa\u00f0 Whiplash<\/li>\n<\/ul>\n<h4 style=\"font-weight: 400;\"><strong>N\u00e1msskr\u00e1<\/strong><\/h4>\n<p>Byrja\u00f0 er \u00e1 klukkut\u00edma zoom samtali um st\u00f6\u00f0u \u00fe\u00edna og einkenni \u00fe\u00edn vi\u00f0 \u00d6lmu. \u00de\u00fa munt leggja grunninn a\u00f0 bata \u00fe\u00ednum, svara spurningum og tala um streitu, mat, svefn, lj\u00f3sn\u00e6mi og a\u00f0rar \u00e1skoranir.<\/p>\n<p>Alma m\u00e6lir me\u00f0 a\u00f0 \u00fe\u00fa hafir vikulegt samtal til a\u00f0 f\u00e1 pers\u00f3nuleg verkefni og mat svo \u00fe\u00fa n\u00e1ir fullum bata eins flj\u00f3tt og au\u00f0i\u00f0 er.<\/p>\n<h4 style=\"font-weight: 400;\"><strong>Kr\u00f6fur<\/strong><\/h4>\n<ul>\n<li style=\"font-weight: 400;\">\u00fe\u00fa ver\u00f0ur a\u00f0 vera tilb\u00fainn a\u00f0 leggja \u00e1 \u00feig vinnuna.<\/li>\n<li style=\"font-weight: 400;\">vera rei\u00f0ub\u00fain a\u00f0 breyta sj\u00f3narmi\u00f0um og \u00fe\u00ednu hugarfari.<\/li>\n<li style=\"font-weight: 400;\">vera tilb\u00fain a\u00f0 fara eftir plani sem virkar og gera \u00fea\u00f0 sem krefst svo a\u00f0 \u00fe\u00e9r l\u00ed\u00f0i betur.<\/li>\n<\/ul>\n<p style=\"font-weight: 400;\">Ertu rei\u00f0ub\u00fain a\u00f0 taka yfir stj\u00f3rnina \u00e1 \u00fe\u00ednu l\u00edfi? \u00a0J\u00c1!<\/p>\n<p style=\"font-weight: 400;\"><span style=\"font-weight: 400;\">\u00dea\u00f0 er enginn betri dagur til a\u00f0 byrja en akk\u00farat \u00ed dag.<\/span><\/p>\n<p style=\"font-weight: 400;\"><span style=\"color: #9e4d3d;\">N\u00fa keyrum vi\u00f0 \u00e1 \u00feetta, r\u00e9tti t\u00edminn er n\u00fana!<\/span><\/p>\n<p>&nbsp;<\/p>\n<p style=\"font-weight: 400;\"><em>Alma er ekki l\u00e6knir, me\u00f0fer\u00f0ara\u00f0ili, r\u00e1\u00f0gjafi e\u00f0a sj\u00fakra\u00fej\u00e1lfari. Sem l\u00edfs\u00fej\u00e1lfari hefur h\u00fan pers\u00f3nulega gengi\u00f0 \u00ed gegnum \u00feetta sem og n\u00fana n\u00fdlega me\u00f0 unglingsd\u00f3ttur sinni. \u00a0H\u00fan er h\u00e9r til a\u00f0 hj\u00e1lpa me\u00f0 \u00fev\u00ed a\u00f0 veita \u00fe\u00e9r \u00fe\u00e1 \u00feekkingu sem \u00fe\u00fa \u00fearft, \u00fear sem h\u00fan hefur s\u00e9\u00f0 af eigin raun hva\u00f0 heilahristingur getur veri\u00f0 erfi\u00f0ur \u00fe\u00e9r og \u00fe\u00ednum n\u00e1nustu. \u00a0\u00de\u00fa \u00fearft ekki a\u00f0 fara \u00ed gegnum erfitt ferli \u00fev\u00ed \u00fea\u00f0 hefur h\u00fan n\u00fa \u00feegar gert. \u00de\u00fa getur veri\u00f0 viss um a\u00f0 hlutirnir muni lagast og Alma er h\u00e9r til a\u00f0 segja \u00fe\u00e9r a\u00f0 me\u00f0 r\u00e9ttu verkf\u00e6runum mun h\u00fan lei\u00f0beina \u00fe\u00e9r a\u00f0 \u00fev\u00ed l\u00edfi sem \u00fe\u00fa \u00e1tt skili\u00f0, l\u00edfi \u00e1n heilahrinstingskvilla.<\/em><\/p>\n<p>&nbsp;<\/p>\n","protected":false},"featured_media":1113,"comment_status":"closed","ping_status":"closed","template":"","meta":[],"product_brand":[],"product_cat":[49],"product_tag":[],"class_list":{"0":"post-1069","1":"product","2":"type-product","3":"status-publish","4":"has-post-thumbnail","6":"product_cat-zoom-simtal","8":"first","9":"instock","10":"taxable","11":"shipping-taxable","12":"purchasable","13":"product-type-simple"},"_links":{"self":[{"href":"https:\/\/www.new-ways-of-thinking.com\/is\/wp-json\/wp\/v2\/product\/1069","targetHints":{"allow":["GET"]}}],"collection":[{"href":"https:\/\/www.new-ways-of-thinking.com\/is\/wp-json\/wp\/v2\/product"}],"about":[{"href":"https:\/\/www.new-ways-of-thinking.com\/is\/wp-json\/wp\/v2\/types\/product"}],"replies":[{"embeddable":true,"href":"https:\/\/www.new-ways-of-thinking.com\/is\/wp-json\/wp\/v2\/comments?post=1069"}],"version-history":[{"count":6,"href":"https:\/\/www.new-ways-of-thinking.com\/is\/wp-json\/wp\/v2\/product\/1069\/revisions"}],"predecessor-version":[{"id":1129,"href":"https:\/\/www.new-ways-of-thinking.com\/is\/wp-json\/wp\/v2\/product\/1069\/revisions\/1129"}],"wp:featuredmedia":[{"embeddable":true,"href":"https:\/\/www.new-ways-of-thinking.com\/is\/wp-json\/wp\/v2\/media\/1113"}],"wp:attachment":[{"href":"https:\/\/www.new-ways-of-thinking.com\/is\/wp-json\/wp\/v2\/media?parent=1069"}],"wp:term":[{"taxonomy":"product_brand","embeddable":true,"href":"https:\/\/www.new-ways-of-thinking.com\/is\/wp-json\/wp\/v2\/product_brand?post=1069"},{"taxonomy":"product_cat","embeddable":true,"href":"https:\/\/www.new-ways-of-thinking.com\/is\/wp-json\/wp\/v2\/product_cat?post=1069"},{"taxonomy":"product_tag","embeddable":true,"href":"https:\/\/www.new-ways-of-thinking.com\/is\/wp-json\/wp\/v2\/product_tag?post=1069"}],"curies":[{"name":"wp","href":"https:\/\/api.w.org\/{rel}","templated":true}]}}